{"id":741,"date":"2025-12-16T13:15:13","date_gmt":"2025-12-16T13:15:13","guid":{"rendered":"https:\/\/matelaspersonnel.com\/?page_id=741"},"modified":"2026-02-18T15:27:59","modified_gmt":"2026-02-18T15:27:59","slug":"matelas-simple","status":"publish","type":"page","link":"https:\/\/matelaspersonnel.com\/en\/our-products\/matelas-simple\/","title":{"rendered":"Single Mattress"},"content":{"rendered":"\t\t<div data-elementor-type=\"wp-page\" data-elementor-id=\"741\" class=\"elementor elementor-741\" data-elementor-post-type=\"page\">\n\t\t\t\t<div class=\"elementor-element elementor-element-e7e35f8 e-flex e-con-boxed e-con e-parent\" data-id=\"e7e35f8\" data-element_type=\"container\" data-e-type=\"container\" data-settings=\"{&quot;background_background&quot;:&quot;slideshow&quot;,&quot;background_slideshow_gallery&quot;:[{&quot;id&quot;:338,&quot;url&quot;:&quot;https:\\\/\\\/matelaspersonnel.com\\\/wp-content\\\/uploads\\\/2025\\\/12\\\/Matelas-Personnel-Collection-Images.jpg&quot;},{&quot;id&quot;:337,&quot;url&quot;:&quot;https:\\\/\\\/matelaspersonnel.com\\\/wp-content\\\/uploads\\\/2025\\\/12\\\/Matelas-Personnel-Collection-Images-2.jpg&quot;},{&quot;id&quot;:336,&quot;url&quot;:&quot;https:\\\/\\\/matelaspersonnel.com\\\/wp-content\\\/uploads\\\/2025\\\/12\\\/Matelas-Personnel-Collection-Images-1.jpg&quot;},{&quot;id&quot;:293,&quot;url&quot;:&quot;https:\\\/\\\/matelaspersonnel.com\\\/wp-content\\\/uploads\\\/2025\\\/12\\\/Matelas-Personnel-Showroom--e1764853982378.webp&quot;},{&quot;id&quot;:567,&quot;url&quot;:&quot;https:\\\/\\\/matelaspersonnel.com\\\/wp-content\\\/uploads\\\/2025\\\/12\\\/Matelas-Personnel-Images8-1.jpeg&quot;}],&quot;background_slideshow_ken_burns&quot;:&quot;yes&quot;,&quot;background_slideshow_loop&quot;:&quot;yes&quot;,&quot;background_slideshow_slide_duration&quot;:5000,&quot;background_slideshow_slide_transition&quot;:&quot;fade&quot;,&quot;background_slideshow_transition_duration&quot;:500,&quot;background_slideshow_ken_burns_zoom_direction&quot;:&quot;in&quot;}\">\n\t\t\t\t\t<div class=\"e-con-inner\">\n\t\t<div class=\"elementor-element elementor-element-b0135a2 e-con-full e-flex e-con e-child\" data-id=\"b0135a2\" data-element_type=\"container\" data-e-type=\"container\">\n\t\t\t\t<div class=\"elementor-element elementor-element-025b9d0 elementor-widget elementor-widget-heading\" data-id=\"025b9d0\" data-element_type=\"widget\" data-e-type=\"widget\" data-widget_type=\"heading.default\">\n\t\t\t\t\t<h1 class=\"elementor-heading-title elementor-size-default\">Matelas simple: matelas une place<\/h1>\t\t\t\t<\/div>\n\t\t\t\t<div class=\"elementor-element elementor-element-9e3ba56 elementor-widget elementor-widget-text-editor\" data-id=\"9e3ba56\" data-element_type=\"widget\" data-e-type=\"widget\" data-widget_type=\"text-editor.default\">\n\t\t\t\t\t\t\t\t\t<p><span style=\"font-weight: 400;\">Saviez-vous qu&rsquo;un tiers de votre vie se passe \u00e0 dormir? Choisir le bon matelas simple est donc une d\u00e9cision cruciale pour garantir un sommeil de qualit\u00e9 et un repos profond chaque nuit.<\/span><\/p><p><span style=\"font-weight: 400;\">Un<\/span><b> matelas simple<\/b><span style=\"font-weight: 400;\"> est une solution polyvalente qui offre un excellent confort et un soutien adapt\u00e9, que ce soit pour une chambre d&rsquo;enfant ou un adulte seul.<\/span><\/p>\t\t\t\t\t\t\t\t<\/div>\n\t\t\t\t<div class=\"elementor-element elementor-element-2e6b2be elementor-tablet-align-center elementor-align-center elementor-widget elementor-widget-button\" data-id=\"2e6b2be\" data-element_type=\"widget\" data-e-type=\"widget\" data-widget_type=\"button.default\">\n\t\t\t\t\t\t\t\t\t\t<a class=\"elementor-button elementor-button-link elementor-size-sm\" href=\"https:\/\/matelaspersonnel.com\/contact-us\/\">\n\t\t\t\t\t\t<span class=\"elementor-button-content-wrapper\">\n\t\t\t\t\t\t\t\t\t<span class=\"elementor-button-text\">Parler \u00e0 un expert<\/span>\n\t\t\t\t\t<\/span>\n\t\t\t\t\t<\/a>\n\t\t\t\t\t\t\t\t<\/div>\n\t\t\t\t<\/div>\n\t\t\t\t\t<\/div>\n\t\t\t\t<\/div>\n\t\t<div class=\"elementor-element elementor-element-3cc48fd e-flex e-con-boxed e-con e-parent\" data-id=\"3cc48fd\" data-element_type=\"container\" data-e-type=\"container\" data-settings=\"{&quot;background_background&quot;:&quot;classic&quot;}\">\n\t\t\t\t\t<div class=\"e-con-inner\">\n\t\t<div class=\"elementor-element elementor-element-a01713a e-flex e-con-boxed e-con e-child\" data-id=\"a01713a\" data-element_type=\"container\" data-e-type=\"container\">\n\t\t\t\t\t<div class=\"e-con-inner\">\n\t\t<div class=\"elementor-element elementor-element-0557d9d e-con-full e-flex e-con e-child\" data-id=\"0557d9d\" data-element_type=\"container\" data-e-type=\"container\">\n\t\t\t\t<div class=\"elementor-element elementor-element-21bc117 elementor-widget elementor-widget-heading\" data-id=\"21bc117\" data-element_type=\"widget\" data-e-type=\"widget\" data-widget_type=\"heading.default\">\n\t\t\t\t\t<h2 class=\"elementor-heading-title elementor-size-default\">D\u00e9finition et avantages du matelas simple<\/h2>\t\t\t\t<\/div>\n\t\t\t\t<div class=\"elementor-element elementor-element-4ac4299 elementor-widget elementor-widget-text-editor\" data-id=\"4ac4299\" data-element_type=\"widget\" data-e-type=\"widget\" data-widget_type=\"text-editor.default\">\n\t\t\t\t\t\t\t\t\t<p><span style=\"font-weight: 400;\">Comprendre les caract\u00e9ristiques d&rsquo;un <\/span><a href=\"https:\/\/matelaspersonnel.com\/matelas-sur-mesure\/\"><span style=\"font-weight: 400;\">matelas sur-mesure<\/span><\/a><span style=\"font-weight: 400;\"> est la premi\u00e8re \u00e9tape pour appr\u00e9cier comment ce format peut transformer la qualit\u00e9 de votre sommeil et <\/span><b>optimiser votre espace<\/b><span style=\"font-weight: 400;\"> de vie.<\/span><\/p>\t\t\t\t\t\t\t\t<\/div>\n\t\t\t\t<\/div>\n\t\t\t\t\t<\/div>\n\t\t\t\t<\/div>\n\t\t<div class=\"elementor-element elementor-element-696cf00 e-grid e-con-boxed e-con e-child\" data-id=\"696cf00\" data-element_type=\"container\" data-e-type=\"container\">\n\t\t\t\t\t<div class=\"e-con-inner\">\n\t\t<div class=\"elementor-element elementor-element-2d49982 e-con-full e-flex e-con e-child\" data-id=\"2d49982\" data-element_type=\"container\" data-e-type=\"container\" data-settings=\"{&quot;background_background&quot;:&quot;classic&quot;}\">\n\t\t\t\t<div class=\"elementor-element elementor-element-d158645 elementor-widget__width-initial elementor-widget elementor-widget-icon-box\" data-id=\"d158645\" data-element_type=\"widget\" data-e-type=\"widget\" data-widget_type=\"icon-box.default\">\n\t\t\t\t\t\t\t<div class=\"elementor-icon-box-wrapper\">\n\n\t\t\t\n\t\t\t\t\t\t<div class=\"elementor-icon-box-content\">\n\n\t\t\t\t\t\t\t\t\t<div class=\"elementor-icon-box-title\">\n\t\t\t\t\t\t<span  >\n\t\t\t\t\t\t\tQu'est-ce qu'un matelas simple?\t\t\t\t\t\t<\/span>\n\t\t\t\t\t<\/div>\n\t\t\t\t\n\t\t\t\t\t\t\t\t\t<p class=\"elementor-icon-box-description\">\n\t\t\t\t\t\tUn matelas simple, souvent appel\u00e9 matelas une place ou \"twin\", mesure g\u00e9n\u00e9ralement 39 pouces de largeur par 75 pouces de longueur. Ce format est parfait pour un lit simple, ce qui en fait un choix polyvalent pour les enfants, les adolescents ou les adultes dormant seuls.\t\t\t\t\t<\/p>\n\t\t\t\t\n\t\t\t<\/div>\n\t\t\t\n\t\t<\/div>\n\t\t\t\t\t\t<\/div>\n\t\t\t\t<\/div>\n\t\t<div class=\"elementor-element elementor-element-e51d4df e-con-full e-flex e-con e-child\" data-id=\"e51d4df\" data-element_type=\"container\" data-e-type=\"container\" data-settings=\"{&quot;background_background&quot;:&quot;classic&quot;}\">\n\t\t\t\t<div class=\"elementor-element elementor-element-504e5e2 elementor-widget__width-initial elementor-widget elementor-widget-icon-box\" data-id=\"504e5e2\" data-element_type=\"widget\" data-e-type=\"widget\" data-widget_type=\"icon-box.default\">\n\t\t\t\t\t\t\t<div class=\"elementor-icon-box-wrapper\">\n\n\t\t\t\n\t\t\t\t\t\t<div class=\"elementor-icon-box-content\">\n\n\t\t\t\t\t\t\t\t\t<div class=\"elementor-icon-box-title\">\n\t\t\t\t\t\t<span  >\n\t\t\t\t\t\t\tLes avantages pour un sommeil de qualit\u00e9\t\t\t\t\t\t<\/span>\n\t\t\t\t\t<\/div>\n\t\t\t\t\n\t\t\t\t\t\t\t\t\t<p class=\"elementor-icon-box-description\">\n\t\t\t\t\t\tCe type de matelas offre un espace personnel suffisant pour un dormeur unique, favorisant un sommeil r\u00e9parateur sans interruption. Le soutien et le confort cibl\u00e9 d'un bon matelas simple aident \u00e0 maintenir un alignement optimal de la colonne vert\u00e9brale durant toute la nuit.\n\t\t\t\t\t<\/p>\n\t\t\t\t\n\t\t\t<\/div>\n\t\t\t\n\t\t<\/div>\n\t\t\t\t\t\t<\/div>\n\t\t\t\t<\/div>\n\t\t<div class=\"elementor-element elementor-element-0e5116d e-con-full e-flex e-con e-child\" data-id=\"0e5116d\" data-element_type=\"container\" data-e-type=\"container\" data-settings=\"{&quot;background_background&quot;:&quot;classic&quot;}\">\n\t\t\t\t<div class=\"elementor-element elementor-element-75d9648 elementor-widget__width-initial elementor-widget elementor-widget-icon-box\" data-id=\"75d9648\" data-element_type=\"widget\" data-e-type=\"widget\" data-widget_type=\"icon-box.default\">\n\t\t\t\t\t\t\t<div class=\"elementor-icon-box-wrapper\">\n\n\t\t\t\n\t\t\t\t\t\t<div class=\"elementor-icon-box-content\">\n\n\t\t\t\t\t\t\t\t\t<div class=\"elementor-icon-box-title\">\n\t\t\t\t\t\t<span  >\n\t\t\t\t\t\t\tId\u00e9al pour les petits espaces et les enfants\t\t\t\t\t\t<\/span>\n\t\t\t\t\t<\/div>\n\t\t\t\t\n\t\t\t\t\t\t\t\t\t<p class=\"elementor-icon-box-description\">\n\t\t\t\t\t\tLe matelas simple \u00e0 une taille compacte compar\u00e9 au lit queen ce qui en fait une solution id\u00e9ale pour optimiser les petits espaces comme les studios ou les chambres \u00e9tudiants. Il convient aussi parfaitement aux enfants en pleine croissance.\t\t\t\t\t<\/p>\n\t\t\t\t\n\t\t\t<\/div>\n\t\t\t\n\t\t<\/div>\n\t\t\t\t\t\t<\/div>\n\t\t\t\t<\/div>\n\t\t\t\t\t<\/div>\n\t\t\t\t<\/div>\n\t\t\t\t\t<\/div>\n\t\t\t\t<\/div>\n\t\t<div class=\"elementor-element elementor-element-fe17ce8 e-flex e-con-boxed e-con e-parent\" data-id=\"fe17ce8\" data-element_type=\"container\" data-e-type=\"container\">\n\t\t\t\t\t<div class=\"e-con-inner\">\n\t\t\t\t<div class=\"elementor-element elementor-element-0eea46d elementor-widget elementor-widget-heading\" data-id=\"0eea46d\" data-element_type=\"widget\" data-e-type=\"widget\" data-widget_type=\"heading.default\">\n\t\t\t\t\t<h2 class=\"elementor-heading-title elementor-size-default\">Comment choisir votre matelas simple?<\/h2>\t\t\t\t<\/div>\n\t\t\t\t<div class=\"elementor-element elementor-element-c1e6d49 elementor-widget elementor-widget-text-editor\" data-id=\"c1e6d49\" data-element_type=\"widget\" data-e-type=\"widget\" data-widget_type=\"text-editor.default\">\n\t\t\t\t\t\t\t\t\t<p><span style=\"font-weight: 400;\">Pour faire le bon achat, il est essentiel de consid\u00e9rer les diff\u00e9rentes options disponibles et de comprendre comment les mat\u00e9riaux et la structure du matelas influencent votre exp\u00e9rience de sommeil.<\/span><\/p>\t\t\t\t\t\t\t\t<\/div>\n\t\t\t\t\t<\/div>\n\t\t\t\t<\/div>\n\t\t<div class=\"elementor-element elementor-element-020e853 e-flex e-con-boxed e-con e-parent\" data-id=\"020e853\" data-element_type=\"container\" data-e-type=\"container\">\n\t\t\t\t\t<div class=\"e-con-inner\">\n\t\t<div class=\"elementor-element elementor-element-811f282 e-con-full e-flex e-con e-child\" data-id=\"811f282\" data-element_type=\"container\" data-e-type=\"container\">\n\t\t\t\t<div class=\"elementor-element elementor-element-e3e58cc elementor-widget-divider--view-line elementor-widget elementor-widget-divider\" data-id=\"e3e58cc\" data-element_type=\"widget\" data-e-type=\"widget\" data-widget_type=\"divider.default\">\n\t\t\t\t\t\t\t<div class=\"elementor-divider\">\n\t\t\t<span class=\"elementor-divider-separator\">\n\t\t\t\t\t\t<\/span>\n\t\t<\/div>\n\t\t\t\t\t\t<\/div>\n\t\t\t\t<div class=\"elementor-element elementor-element-3795592 elementor-widget elementor-widget-heading\" data-id=\"3795592\" data-element_type=\"widget\" data-e-type=\"widget\" data-widget_type=\"heading.default\">\n\t\t\t\t\t<h3 class=\"elementor-heading-title elementor-size-default\">Les types de matelas simples disponibles<\/h3>\t\t\t\t<\/div>\n\t\t\t\t<div class=\"elementor-element elementor-element-260dfa7 elementor-widget elementor-widget-text-editor\" data-id=\"260dfa7\" data-element_type=\"widget\" data-e-type=\"widget\" data-widget_type=\"text-editor.default\">\n\t\t\t\t\t\t\t\t\t<p><span style=\"font-weight: 400;\">Il existe plusieurs types de matelas, chaque <\/span><b>technologie<\/b><span style=\"font-weight: 400;\"> parmi ces options offre des sensations de confort et de fermet\u00e9 distinctes pour votre lit :<\/span><\/p><ul><li style=\"font-weight: 400;\" aria-level=\"1\"><b>Matelas en mousse<\/b><span style=\"font-weight: 400;\"> : Incluant la mousse haute densit\u00e9 et la mousse m\u00e9moire de forme. Ces options sont id\u00e9ales pour l&rsquo;enveloppement et le soulagement des points de pression.<\/span><\/li><li style=\"font-weight: 400;\" aria-level=\"1\"><b>Matelas \u00e0 ressort<\/b><span style=\"font-weight: 400;\"> : Offrant un soutien plus traditionnel et une excellente a\u00e9ration.<\/span><\/li><li style=\"font-weight: 400;\" aria-level=\"1\"><b>Matelas hybride<\/b><span style=\"font-weight: 400;\"> : Combinant la technologie des ressorts ensach\u00e9s avec nos couches de mousse sur mesure.<\/span><\/li><li style=\"font-weight: 400;\" aria-level=\"1\"><b>Matelas en latex naturel<\/b><span style=\"font-weight: 400;\"> : Ax\u00e9 sur la sant\u00e9 et l&rsquo;\u00e9cologie, il offre une ventilation sup\u00e9rieure.<\/span><\/li><li style=\"font-weight: 400;\" aria-level=\"1\"><b>Matelas r\u00e9versible<\/b><span style=\"font-weight: 400;\"> : Con\u00e7u pour doubler la dur\u00e9e de vie du matelas.<\/span><\/li><\/ul>\t\t\t\t\t\t\t\t<\/div>\n\t\t\t\t<\/div>\n\t\t<div class=\"elementor-element elementor-element-ad75f55 e-con-full e-flex elementor-invisible e-con e-child\" data-id=\"ad75f55\" data-element_type=\"container\" data-e-type=\"container\" data-settings=\"{&quot;background_background&quot;:&quot;gradient&quot;,&quot;animation&quot;:&quot;fadeInRight&quot;}\">\n\t\t\t\t<div class=\"elementor-element elementor-element-01bac07 elementor-widget elementor-widget-image\" data-id=\"01bac07\" data-element_type=\"widget\" data-e-type=\"widget\" data-widget_type=\"image.default\">\n\t\t\t\t\t\t\t\t\t\t\t\t\t\t\t<img fetchpriority=\"high\" decoding=\"async\" width=\"750\" height=\"450\" src=\"https:\/\/matelaspersonnel.com\/wp-content\/uploads\/2025\/12\/Chiro-confort-.jpg\" class=\"attachment-full size-full wp-image-375\" alt=\"\" srcset=\"https:\/\/matelaspersonnel.com\/wp-content\/uploads\/2025\/12\/Chiro-confort-.jpg 750w, https:\/\/matelaspersonnel.com\/wp-content\/uploads\/2025\/12\/Chiro-confort--300x180.jpg 300w\" sizes=\"(max-width: 750px) 100vw, 750px\" \/>\t\t\t\t\t\t\t\t\t\t\t\t\t\t\t<\/div>\n\t\t\t\t<\/div>\n\t\t\t\t\t<\/div>\n\t\t\t\t<\/div>\n\t\t<div class=\"elementor-element elementor-element-377f0b5 e-flex e-con-boxed e-con e-parent\" data-id=\"377f0b5\" data-element_type=\"container\" data-e-type=\"container\">\n\t\t\t\t\t<div class=\"e-con-inner\">\n\t\t<div class=\"elementor-element elementor-element-d28e2f7 e-con-full e-flex elementor-invisible e-con e-child\" data-id=\"d28e2f7\" data-element_type=\"container\" data-e-type=\"container\" data-settings=\"{&quot;background_background&quot;:&quot;gradient&quot;,&quot;animation&quot;:&quot;fadeInLeft&quot;}\">\n\t\t\t\t<div class=\"elementor-element elementor-element-652d690 elementor-widget elementor-widget-image\" data-id=\"652d690\" data-element_type=\"widget\" data-e-type=\"widget\" data-widget_type=\"image.default\">\n\t\t\t\t\t\t\t\t\t\t\t\t\t\t\t<img decoding=\"async\" width=\"700\" height=\"400\" src=\"https:\/\/matelaspersonnel.com\/wp-content\/uploads\/2025\/11\/Matelas-Personnel-Collection-Images-3.webp\" class=\"attachment-full size-full wp-image-145\" alt=\"\" srcset=\"https:\/\/matelaspersonnel.com\/wp-content\/uploads\/2025\/11\/Matelas-Personnel-Collection-Images-3.webp 700w, https:\/\/matelaspersonnel.com\/wp-content\/uploads\/2025\/11\/Matelas-Personnel-Collection-Images-3-300x171.webp 300w\" sizes=\"(max-width: 700px) 100vw, 700px\" \/>\t\t\t\t\t\t\t\t\t\t\t\t\t\t\t<\/div>\n\t\t\t\t<\/div>\n\t\t<div class=\"elementor-element elementor-element-a6c6ec2 e-con-full e-flex e-con e-child\" data-id=\"a6c6ec2\" data-element_type=\"container\" data-e-type=\"container\">\n\t\t\t\t<div class=\"elementor-element elementor-element-a0b708c elementor-widget-divider--view-line elementor-widget elementor-widget-divider\" data-id=\"a0b708c\" data-element_type=\"widget\" data-e-type=\"widget\" data-widget_type=\"divider.default\">\n\t\t\t\t\t\t\t<div class=\"elementor-divider\">\n\t\t\t<span class=\"elementor-divider-separator\">\n\t\t\t\t\t\t<\/span>\n\t\t<\/div>\n\t\t\t\t\t\t<\/div>\n\t\t\t\t<div class=\"elementor-element elementor-element-345b666 elementor-widget elementor-widget-heading\" data-id=\"345b666\" data-element_type=\"widget\" data-e-type=\"widget\" data-widget_type=\"heading.default\">\n\t\t\t\t\t<h3 class=\"elementor-heading-title elementor-size-default\">L'importance de l'\u00e9paisseur et du soutien<\/h3>\t\t\t\t<\/div>\n\t\t\t\t<div class=\"elementor-element elementor-element-a05611f elementor-widget elementor-widget-text-editor\" data-id=\"a05611f\" data-element_type=\"widget\" data-e-type=\"widget\" data-widget_type=\"text-editor.default\">\n\t\t\t\t\t\t\t\t\t<p><span style=\"font-weight: 400;\">L&rsquo;\u00e9paisseur du matelas influence directement le confort et le soutien qu&rsquo;il procure. Un matelas de plus de <\/span><b>30 cm d\u2019\u00e9paisseur<\/b><span style=\"font-weight: 400;\">, est souvent recommand\u00e9 pour un soutien optimal. Les couches de mousse m\u00e9moire peuvent varier, mais une \u00e9paisseur de 5 \u00e0 8 cm est id\u00e9ale pour bien envelopper le corps et soulager les points de pression.<\/span><\/p>\t\t\t\t\t\t\t\t<\/div>\n\t\t\t\t<\/div>\n\t\t\t\t\t<\/div>\n\t\t\t\t<\/div>\n\t\t<div class=\"elementor-element elementor-element-e4ef225 e-flex e-con-boxed e-con e-parent\" data-id=\"e4ef225\" data-element_type=\"container\" data-e-type=\"container\">\n\t\t\t\t\t<div class=\"e-con-inner\">\n\t\t<div class=\"elementor-element elementor-element-4508e8d e-con-full e-flex e-con e-child\" data-id=\"4508e8d\" data-element_type=\"container\" data-e-type=\"container\">\n\t\t\t\t<div class=\"elementor-element elementor-element-42bb89c elementor-widget-divider--view-line elementor-widget elementor-widget-divider\" data-id=\"42bb89c\" data-element_type=\"widget\" data-e-type=\"widget\" data-widget_type=\"divider.default\">\n\t\t\t\t\t\t\t<div class=\"elementor-divider\">\n\t\t\t<span class=\"elementor-divider-separator\">\n\t\t\t\t\t\t<\/span>\n\t\t<\/div>\n\t\t\t\t\t\t<\/div>\n\t\t\t\t<div class=\"elementor-element elementor-element-80ff230 elementor-widget elementor-widget-heading\" data-id=\"80ff230\" data-element_type=\"widget\" data-e-type=\"widget\" data-widget_type=\"heading.default\">\n\t\t\t\t\t<h2 class=\"elementor-heading-title elementor-size-default\">Choisir Matelas Personnel pour un repos optimal\n<\/h2>\t\t\t\t<\/div>\n\t\t\t\t<div class=\"elementor-element elementor-element-d4b9adf elementor-widget elementor-widget-text-editor\" data-id=\"d4b9adf\" data-element_type=\"widget\" data-e-type=\"widget\" data-widget_type=\"text-editor.default\">\n\t\t\t\t\t\t\t\t\t<p><span style=\"font-weight: 400;\">Opter pour notre entreprise, c&rsquo;est choisir un <\/span><b>savoir-faire artisanal<\/b><span style=\"font-weight: 400;\"> qu\u00e9b\u00e9cois et un matelas con\u00e7u pour durer 20 ans, bien au-del\u00e0 de la norme du march\u00e9. Notre approche personnalis\u00e9e vous permet de cr\u00e9er le matelas simple parfait, adapt\u00e9 \u00e0 vos pr\u00e9f\u00e9rences de fermet\u00e9 et de confort.<\/span><\/p><p><span style=\"font-weight: 400;\">Chaque matelas est fabriqu\u00e9 localement, ce qui garantit une transparence totale et un contr\u00f4le rigoureux. Nous offrons une <\/span><a href=\"https:\/\/matelaspersonnel.com\/our-products\/\"><span style=\"font-weight: 400;\">vaste s\u00e9lection de mod\u00e8les<\/span><\/a><span style=\"font-weight: 400;\">, avec des couches diff\u00e9rentes.<\/span><\/p><p><span style=\"font-weight: 400;\">Notre service inclut une consultation pour choisir le produit id\u00e9al pour vous.<\/span><\/p><p><span style=\"font-weight: 400;\">Votre commande est trait\u00e9e rapidement et notre service de livraison flexible inclut l&rsquo;installation \u00e0 domicile. L&rsquo;achat d&rsquo;un de nos matelas est un investissement dans votre bien-\u00eatre. Nous nous occupons m\u00eame de reprendre votre ancien lit.<\/span><\/p>\t\t\t\t\t\t\t\t<\/div>\n\t\t\t\t<div class=\"elementor-element elementor-element-8203fc2 elementor-widget elementor-widget-button\" data-id=\"8203fc2\" data-element_type=\"widget\" data-e-type=\"widget\" data-widget_type=\"button.default\">\n\t\t\t\t\t\t\t\t\t\t<a class=\"elementor-button elementor-button-link elementor-size-sm\" href=\"https:\/\/matelaspersonnel.com\/contact-us\/\">\n\t\t\t\t\t\t<span class=\"elementor-button-content-wrapper\">\n\t\t\t\t\t\t<span class=\"elementor-button-icon\">\n\t\t\t\t<i aria-hidden=\"true\" class=\"icon icon-quote2\"><\/i>\t\t\t<\/span>\n\t\t\t\t\t\t\t\t\t<span class=\"elementor-button-text\">Obtenir une soumission<\/span>\n\t\t\t\t\t<\/span>\n\t\t\t\t\t<\/a>\n\t\t\t\t\t\t\t\t<\/div>\n\t\t\t\t<\/div>\n\t\t<div class=\"elementor-element elementor-element-d6604a6 e-con-full e-flex elementor-invisible e-con e-child\" data-id=\"d6604a6\" data-element_type=\"container\" data-e-type=\"container\" data-settings=\"{&quot;background_background&quot;:&quot;gradient&quot;,&quot;animation&quot;:&quot;fadeInRight&quot;}\">\n\t\t\t\t<div class=\"elementor-element elementor-element-3192bf0 elementor-widget elementor-widget-image\" data-id=\"3192bf0\" data-element_type=\"widget\" data-e-type=\"widget\" data-widget_type=\"image.default\">\n\t\t\t\t\t\t\t\t\t\t\t\t\t\t\t<img decoding=\"async\" width=\"1617\" height=\"1080\" src=\"https:\/\/matelaspersonnel.com\/wp-content\/uploads\/2025\/12\/Matelas-Personnel-Collection-Images.webp\" class=\"attachment-full size-full wp-image-208\" alt=\"\" srcset=\"https:\/\/matelaspersonnel.com\/wp-content\/uploads\/2025\/12\/Matelas-Personnel-Collection-Images.webp 1617w, https:\/\/matelaspersonnel.com\/wp-content\/uploads\/2025\/12\/Matelas-Personnel-Collection-Images-300x200.webp 300w, https:\/\/matelaspersonnel.com\/wp-content\/uploads\/2025\/12\/Matelas-Personnel-Collection-Images-1024x684.webp 1024w, https:\/\/matelaspersonnel.com\/wp-content\/uploads\/2025\/12\/Matelas-Personnel-Collection-Images-768x513.webp 768w, https:\/\/matelaspersonnel.com\/wp-content\/uploads\/2025\/12\/Matelas-Personnel-Collection-Images-1536x1026.webp 1536w\" sizes=\"(max-width: 1617px) 100vw, 1617px\" \/>\t\t\t\t\t\t\t\t\t\t\t\t\t\t\t<\/div>\n\t\t\t\t<\/div>\n\t\t\t\t\t<\/div>\n\t\t\t\t<\/div>\n\t\t<div class=\"elementor-element elementor-element-2f29424 e-flex e-con-boxed e-con e-parent\" data-id=\"2f29424\" data-element_type=\"container\" data-e-type=\"container\">\n\t\t\t\t\t<div class=\"e-con-inner\">\n\t\t<div class=\"elementor-element elementor-element-55b8a2d e-flex e-con-boxed e-con e-child\" data-id=\"55b8a2d\" data-element_type=\"container\" data-e-type=\"container\">\n\t\t\t\t\t<div class=\"e-con-inner\">\n\t\t\t\t<div class=\"elementor-element elementor-element-fea6a41 elementor-widget elementor-widget-heading\" data-id=\"fea6a41\" data-element_type=\"widget\" data-e-type=\"widget\" data-widget_type=\"heading.default\">\n\t\t\t\t\t<h2 class=\"elementor-heading-title elementor-size-default\">Questions fr\u00e9quentes sur les matelas simples<\/h2>\t\t\t\t<\/div>\n\t\t\t\t<div class=\"elementor-element elementor-element-b33f1e1 elementor-widget elementor-widget-text-editor\" data-id=\"b33f1e1\" data-element_type=\"widget\" data-e-type=\"widget\" data-widget_type=\"text-editor.default\">\n\t\t\t\t\t\t\t\t\t<p><span style=\"font-weight: 400;\">Pour vous aider \u00e0 finaliser votre choix et \u00e0 prendre une d\u00e9cision, nous r\u00e9pondons aux questions les plus fr\u00e9quentes concernant les lits simples.<\/span><\/p>\t\t\t\t\t\t\t\t<\/div>\n\t\t\t\t\t<\/div>\n\t\t\t\t<\/div>\n\t\t<div class=\"elementor-element elementor-element-4d00c14 e-con-full e-flex e-con e-child\" data-id=\"4d00c14\" data-element_type=\"container\" data-e-type=\"container\">\n\t\t\t\t<div class=\"elementor-element elementor-element-b7b5d59 elementor-widget elementor-widget-elementskit-accordion\" data-id=\"b7b5d59\" data-element_type=\"widget\" data-e-type=\"widget\" data-widget_type=\"elementskit-accordion.default\">\n\t\t\t\t\t<div class=\"ekit-wid-con\" >\n        <div class=\"elementskit-accordion accoedion-primary\" id=\"accordion-69f264e7b6562\">\n\n            \n                <div class=\"elementskit-card \">\n                    <div class=\"elementskit-card-header\" id=\"primaryHeading-0-b7b5d59\">\n                        <a href=\"#collapse-64d1c1069f264e7b6562\" class=\"ekit-accordion--toggler elementskit-btn-link collapsed\" data-ekit-toggle=\"collapse\" data-target=\"#Collapse-64d1c1069f264e7b6562\" aria-expanded=\"false\" aria-controls=\"Collapse-64d1c1069f264e7b6562\">\n                            \n                            <span class=\"ekit-accordion-title\">Un matelas simple convient-il aux adultes?<\/span>\n\n                            \n                                <div class=\"ekit_accordion_icon_group\">\n                                    <div class=\"ekit_accordion_normal_icon\">\n                                        <!-- Normal Icon -->\n\t\t\t\t\t\t\t\t\t\t<i class=\"icon icon-down-arrow1\"><\/i>                                    <\/div>\n\n                                    <div class=\"ekit_accordion_active_icon\">\n                                        <!-- Active Icon -->\n\t\t\t\t\t\t\t\t\t\t<i class=\"icon icon-up-arrow\"><\/i>                                    <\/div>\n                                <\/div>\n\n                            \n                                                    <\/a>\n                    <\/div>\n\n                    <div id=\"Collapse-64d1c1069f264e7b6562\" class=\" collapse\" aria-labelledby=\"primaryHeading-0-b7b5d59\" data-parent=\"#accordion-69f264e7b6562\">\n\n                        <div class=\"elementskit-card-body ekit-accordion--content\">\n                            <p><span style=\"font-weight: 400\">Absolument. Il s'agit d'un <\/span><b>choix polyvalent<\/b><span style=\"font-weight: 400\"> et confortable pour un adulte seul, surtout dans les petits appartements ou pour les chambres d'amis.<\/span><\/p>                        <\/div>\n\n                    <\/div>\n\n                <\/div><!-- .elementskit-card END -->\n\n                \n                <div class=\"elementskit-card \">\n                    <div class=\"elementskit-card-header\" id=\"primaryHeading-1-b7b5d59\">\n                        <a href=\"#collapse-e13b82669f264e7b6562\" class=\"ekit-accordion--toggler elementskit-btn-link collapsed\" data-ekit-toggle=\"collapse\" data-target=\"#Collapse-e13b82669f264e7b6562\" aria-expanded=\"false\" aria-controls=\"Collapse-e13b82669f264e7b6562\">\n                            \n                            <span class=\"ekit-accordion-title\">Comment entretenir mon matelas simple pour prolonger sa dur\u00e9e de vie?<\/span>\n\n                            \n                                <div class=\"ekit_accordion_icon_group\">\n                                    <div class=\"ekit_accordion_normal_icon\">\n                                        <!-- Normal Icon -->\n\t\t\t\t\t\t\t\t\t\t<i class=\"icon icon-down-arrow1\"><\/i>                                    <\/div>\n\n                                    <div class=\"ekit_accordion_active_icon\">\n                                        <!-- Active Icon -->\n\t\t\t\t\t\t\t\t\t\t<i class=\"icon icon-up-arrow\"><\/i>                                    <\/div>\n                                <\/div>\n\n                            \n                                                    <\/a>\n                    <\/div>\n\n                    <div id=\"Collapse-e13b82669f264e7b6562\" class=\" collapse\" aria-labelledby=\"primaryHeading-1-b7b5d59\" data-parent=\"#accordion-69f264e7b6562\">\n\n                        <div class=\"elementskit-card-body ekit-accordion--content\">\n                            <p><span style=\"font-weight: 400\">Pour <\/span><b>prot\u00e9ger votre matelas<\/b><span style=\"font-weight: 400\"> et le garder durablement, utilisez un prot\u00e8ge-matelas et faites-le pivoter tous les six mois. Cela pr\u00e9vient l'usure in\u00e9gale de la mousse.<\/span><\/p>                        <\/div>\n\n                    <\/div>\n\n                <\/div><!-- .elementskit-card END -->\n\n                \n                <div class=\"elementskit-card \">\n                    <div class=\"elementskit-card-header\" id=\"primaryHeading-2-b7b5d59\">\n                        <a href=\"#collapse-f6f7e1669f264e7b6562\" class=\"ekit-accordion--toggler elementskit-btn-link collapsed\" data-ekit-toggle=\"collapse\" data-target=\"#Collapse-f6f7e1669f264e7b6562\" aria-expanded=\"false\" aria-controls=\"Collapse-f6f7e1669f264e7b6562\">\n                            \n                            <span class=\"ekit-accordion-title\">Peut-on utiliser un matelas simple sur n&#039;importe quel sommier?<\/span>\n\n                            \n                                <div class=\"ekit_accordion_icon_group\">\n                                    <div class=\"ekit_accordion_normal_icon\">\n                                        <!-- Normal Icon -->\n\t\t\t\t\t\t\t\t\t\t<i class=\"icon icon-down-arrow1\"><\/i>                                    <\/div>\n\n                                    <div class=\"ekit_accordion_active_icon\">\n                                        <!-- Active Icon -->\n\t\t\t\t\t\t\t\t\t\t<i class=\"icon icon-up-arrow\"><\/i>                                    <\/div>\n                                <\/div>\n\n                            \n                                                    <\/a>\n                    <\/div>\n\n                    <div id=\"Collapse-f6f7e1669f264e7b6562\" class=\" collapse\" aria-labelledby=\"primaryHeading-2-b7b5d59\" data-parent=\"#accordion-69f264e7b6562\">\n\n                        <div class=\"elementskit-card-body ekit-accordion--content\">\n                            <p><span style=\"font-weight: 400\">Oui, ils sont compatibles avec la majorit\u00e9 des <\/span><b>bases de lit<\/b><span style=\"font-weight: 400\"> et des sommiers, qu'ils soient \u00e0 lattes ou pleins.<\/span><\/p>                        <\/div>\n\n                    <\/div>\n\n                <\/div><!-- .elementskit-card END -->\n\n                                        <\/div>\n    <\/div>\t\t\t\t<\/div>\n\t\t\t\t<\/div>\n\t\t\t\t\t<\/div>\n\t\t\t\t<\/div>\n\t\t<div class=\"elementor-element elementor-element-51c83e31 e-flex e-con-boxed e-con e-parent\" data-id=\"51c83e31\" data-element_type=\"container\" data-e-type=\"container\" data-settings=\"{&quot;background_background&quot;:&quot;classic&quot;}\">\n\t\t\t\t\t<div class=\"e-con-inner\">\n\t\t<div class=\"elementor-element elementor-element-35e51185 e-con-full e-flex elementor-invisible e-con e-child\" data-id=\"35e51185\" data-element_type=\"container\" data-e-type=\"container\" data-settings=\"{&quot;animation&quot;:&quot;fadeInUp&quot;}\">\n\t\t\t\t<div class=\"elementor-element elementor-element-1d45e94e elementor-widget elementor-widget-heading\" data-id=\"1d45e94e\" data-element_type=\"widget\" data-e-type=\"widget\" data-widget_type=\"heading.default\">\n\t\t\t\t\t<div class=\"elementor-heading-title elementor-size-default\">Cr\u00e9ez le matelas qui s\u2019int\u00e8gre exactement \u00e0 votre r\u00e9alit\u00e9.<\/div>\t\t\t\t<\/div>\n\t\t\t\t<div class=\"elementor-element elementor-element-3c4e6f9d elementor-widget elementor-widget-heading\" data-id=\"3c4e6f9d\" data-element_type=\"widget\" data-e-type=\"widget\" data-widget_type=\"heading.default\">\n\t\t\t\t\t<div class=\"elementor-heading-title elementor-size-default\">Dimensions uniques, confort ajust\u00e9, forme particuli\u00e8re \u2014 le votre, tout simplement.<\/div>\t\t\t\t<\/div>\n\t\t\t\t<div class=\"elementor-element elementor-element-67c95914 elementor-align-center elementor-widget elementor-widget-button\" data-id=\"67c95914\" data-element_type=\"widget\" data-e-type=\"widget\" data-widget_type=\"button.default\">\n\t\t\t\t\t\t\t\t\t\t<a class=\"elementor-button elementor-button-link elementor-size-sm\" href=\"https:\/\/matelaspersonnel.com\/contact-us\/\">\n\t\t\t\t\t\t<span class=\"elementor-button-content-wrapper\">\n\t\t\t\t\t\t\t\t\t<span class=\"elementor-button-text\">Parler \u00e0 un expert<\/span>\n\t\t\t\t\t<\/span>\n\t\t\t\t\t<\/a>\n\t\t\t\t\t\t\t\t<\/div>\n\t\t\t\t<\/div>\n\t\t\t\t\t<\/div>\n\t\t\t\t<\/div>\n\t\t\t\t<\/div>\n\t\t","protected":false},"excerpt":{"rendered":"<p>Matelas simple: matelas une place Saviez-vous qu&rsquo;un tiers de votre vie se passe \u00e0 dormir? Choisir le bon matelas simple est donc une d\u00e9cision cruciale pour garantir un sommeil de qualit\u00e9 et un repos profond chaque nuit. Un matelas simple est une solution polyvalente qui offre un excellent confort et un soutien adapt\u00e9, que ce [&hellip;]<\/p>\n","protected":false},"author":2,"featured_media":0,"parent":331,"menu_order":0,"comment_status":"closed","ping_status":"closed","template":"elementor_header_footer","meta":{"footnotes":""},"class_list":["post-741","page","type-page","status-publish","hentry"],"yoast_head":"<!-- This site is optimized with the Yoast SEO plugin v27.5 - https:\/\/yoast.com\/product\/yoast-seo-wordpress\/ -->\n<title>Matelas simple de qualit\u00e9 pour lit une place - Matelas Personnel<\/title>\n<meta name=\"description\" content=\"D\u00e9couvrez nos matelas simples une place: confort optimal, soutien durable et sommeil r\u00e9parateur. Matelas abordables et de qualit\u00e9, fabriqu\u00e9s au Qu\u00e9bec.\" \/>\n<meta name=\"robots\" content=\"index, follow, max-snippet:-1, max-image-preview:large, max-video-preview:-1\" \/>\n<link rel=\"canonical\" href=\"https:\/\/matelaspersonnel.com\/en\/our-products\/matelas-simple\/\" \/>\n<meta property=\"og:locale\" content=\"en_US\" \/>\n<meta property=\"og:type\" content=\"article\" \/>\n<meta property=\"og:title\" content=\"Matelas simple de qualit\u00e9 pour lit une place - Matelas Personnel\" \/>\n<meta property=\"og:description\" content=\"D\u00e9couvrez nos matelas simples une place: confort optimal, soutien durable et sommeil r\u00e9parateur. Matelas abordables et de qualit\u00e9, fabriqu\u00e9s au Qu\u00e9bec.\" \/>\n<meta property=\"og:url\" content=\"https:\/\/matelaspersonnel.com\/en\/our-products\/matelas-simple\/\" \/>\n<meta property=\"og:site_name\" content=\"Matelas Personnel\" \/>\n<meta property=\"article:modified_time\" content=\"2026-02-18T15:27:59+00:00\" \/>\n<meta property=\"og:image\" content=\"https:\/\/matelaspersonnel.com\/wp-content\/uploads\/2025\/12\/Chiro-confort-.jpg\" \/>\n<meta name=\"twitter:card\" content=\"summary_large_image\" \/>\n<meta name=\"twitter:label1\" content=\"Est. reading time\" \/>\n\t<meta name=\"twitter:data1\" content=\"4 minutes\" \/>\n<script type=\"application\/ld+json\" class=\"yoast-schema-graph\">{\"@context\":\"https:\\\/\\\/schema.org\",\"@graph\":[{\"@type\":\"WebPage\",\"@id\":\"https:\\\/\\\/matelaspersonnel.com\\\/our-products\\\/matelas-simple\\\/\",\"url\":\"https:\\\/\\\/matelaspersonnel.com\\\/our-products\\\/matelas-simple\\\/\",\"name\":\"Matelas simple de qualit\u00e9 pour lit une place - Matelas Personnel\",\"isPartOf\":{\"@id\":\"https:\\\/\\\/matelaspersonnel.com\\\/#website\"},\"primaryImageOfPage\":{\"@id\":\"https:\\\/\\\/matelaspersonnel.com\\\/our-products\\\/matelas-simple\\\/#primaryimage\"},\"image\":{\"@id\":\"https:\\\/\\\/matelaspersonnel.com\\\/our-products\\\/matelas-simple\\\/#primaryimage\"},\"thumbnailUrl\":\"https:\\\/\\\/matelaspersonnel.com\\\/wp-content\\\/uploads\\\/2025\\\/12\\\/Chiro-confort-.jpg\",\"datePublished\":\"2025-12-16T13:15:13+00:00\",\"dateModified\":\"2026-02-18T15:27:59+00:00\",\"description\":\"D\u00e9couvrez nos matelas simples une place: confort optimal, soutien durable et sommeil r\u00e9parateur. Matelas abordables et de qualit\u00e9, fabriqu\u00e9s au Qu\u00e9bec.\",\"breadcrumb\":{\"@id\":\"https:\\\/\\\/matelaspersonnel.com\\\/our-products\\\/matelas-simple\\\/#breadcrumb\"},\"inLanguage\":\"en-CA\",\"potentialAction\":[{\"@type\":\"ReadAction\",\"target\":[\"https:\\\/\\\/matelaspersonnel.com\\\/our-products\\\/matelas-simple\\\/\"]}]},{\"@type\":\"ImageObject\",\"inLanguage\":\"en-CA\",\"@id\":\"https:\\\/\\\/matelaspersonnel.com\\\/our-products\\\/matelas-simple\\\/#primaryimage\",\"url\":\"https:\\\/\\\/matelaspersonnel.com\\\/wp-content\\\/uploads\\\/2025\\\/12\\\/Chiro-confort-.jpg\",\"contentUrl\":\"https:\\\/\\\/matelaspersonnel.com\\\/wp-content\\\/uploads\\\/2025\\\/12\\\/Chiro-confort-.jpg\"},{\"@type\":\"BreadcrumbList\",\"@id\":\"https:\\\/\\\/matelaspersonnel.com\\\/our-products\\\/matelas-simple\\\/#breadcrumb\",\"itemListElement\":[{\"@type\":\"ListItem\",\"position\":1,\"name\":\"Accueil\",\"item\":\"https:\\\/\\\/matelaspersonnel.com\\\/\"},{\"@type\":\"ListItem\",\"position\":2,\"name\":\"Our Products\",\"item\":\"https:\\\/\\\/matelaspersonnel.com\\\/our-products\\\/\"},{\"@type\":\"ListItem\",\"position\":3,\"name\":\"Matelas simple\"}]},{\"@type\":\"WebSite\",\"@id\":\"https:\\\/\\\/matelaspersonnel.com\\\/#website\",\"url\":\"https:\\\/\\\/matelaspersonnel.com\\\/\",\"name\":\"Matelas Personnel\",\"description\":\"\",\"publisher\":{\"@id\":\"https:\\\/\\\/matelaspersonnel.com\\\/#organization\"},\"potentialAction\":[{\"@type\":\"SearchAction\",\"target\":{\"@type\":\"EntryPoint\",\"urlTemplate\":\"https:\\\/\\\/matelaspersonnel.com\\\/?s={search_term_string}\"},\"query-input\":{\"@type\":\"PropertyValueSpecification\",\"valueRequired\":true,\"valueName\":\"search_term_string\"}}],\"inLanguage\":\"en-CA\"},{\"@type\":\"Organization\",\"@id\":\"https:\\\/\\\/matelaspersonnel.com\\\/#organization\",\"name\":\"Matelas Personnel\",\"url\":\"https:\\\/\\\/matelaspersonnel.com\\\/\",\"logo\":{\"@type\":\"ImageObject\",\"inLanguage\":\"en-CA\",\"@id\":\"https:\\\/\\\/matelaspersonnel.com\\\/#\\\/schema\\\/logo\\\/image\\\/\",\"url\":\"https:\\\/\\\/matelaspersonnel.com\\\/wp-content\\\/uploads\\\/2025\\\/11\\\/Matelas-Personnel-Logo--e1764421185273.webp\",\"contentUrl\":\"https:\\\/\\\/matelaspersonnel.com\\\/wp-content\\\/uploads\\\/2025\\\/11\\\/Matelas-Personnel-Logo--e1764421185273.webp\",\"width\":1229,\"height\":363,\"caption\":\"Matelas Personnel\"},\"image\":{\"@id\":\"https:\\\/\\\/matelaspersonnel.com\\\/#\\\/schema\\\/logo\\\/image\\\/\"}}]}<\/script>\n<!-- \/ Yoast SEO plugin. -->","yoast_head_json":{"title":"Matelas simple de qualit\u00e9 pour lit une place - Matelas Personnel","description":"D\u00e9couvrez nos matelas simples une place: confort optimal, soutien durable et sommeil r\u00e9parateur. Matelas abordables et de qualit\u00e9, fabriqu\u00e9s au Qu\u00e9bec.","robots":{"index":"index","follow":"follow","max-snippet":"max-snippet:-1","max-image-preview":"max-image-preview:large","max-video-preview":"max-video-preview:-1"},"canonical":"https:\/\/matelaspersonnel.com\/en\/our-products\/matelas-simple\/","og_locale":"en_US","og_type":"article","og_title":"Matelas simple de qualit\u00e9 pour lit une place - Matelas Personnel","og_description":"D\u00e9couvrez nos matelas simples une place: confort optimal, soutien durable et sommeil r\u00e9parateur. Matelas abordables et de qualit\u00e9, fabriqu\u00e9s au Qu\u00e9bec.","og_url":"https:\/\/matelaspersonnel.com\/en\/our-products\/matelas-simple\/","og_site_name":"Matelas Personnel","article_modified_time":"2026-02-18T15:27:59+00:00","og_image":[{"url":"https:\/\/matelaspersonnel.com\/wp-content\/uploads\/2025\/12\/Chiro-confort-.jpg","type":"","width":"","height":""}],"twitter_card":"summary_large_image","twitter_misc":{"Est. reading time":"4 minutes"},"schema":{"@context":"https:\/\/schema.org","@graph":[{"@type":"WebPage","@id":"https:\/\/matelaspersonnel.com\/our-products\/matelas-simple\/","url":"https:\/\/matelaspersonnel.com\/our-products\/matelas-simple\/","name":"Matelas simple de qualit\u00e9 pour lit une place - Matelas Personnel","isPartOf":{"@id":"https:\/\/matelaspersonnel.com\/#website"},"primaryImageOfPage":{"@id":"https:\/\/matelaspersonnel.com\/our-products\/matelas-simple\/#primaryimage"},"image":{"@id":"https:\/\/matelaspersonnel.com\/our-products\/matelas-simple\/#primaryimage"},"thumbnailUrl":"https:\/\/matelaspersonnel.com\/wp-content\/uploads\/2025\/12\/Chiro-confort-.jpg","datePublished":"2025-12-16T13:15:13+00:00","dateModified":"2026-02-18T15:27:59+00:00","description":"D\u00e9couvrez nos matelas simples une place: confort optimal, soutien durable et sommeil r\u00e9parateur. Matelas abordables et de qualit\u00e9, fabriqu\u00e9s au Qu\u00e9bec.","breadcrumb":{"@id":"https:\/\/matelaspersonnel.com\/our-products\/matelas-simple\/#breadcrumb"},"inLanguage":"en-CA","potentialAction":[{"@type":"ReadAction","target":["https:\/\/matelaspersonnel.com\/our-products\/matelas-simple\/"]}]},{"@type":"ImageObject","inLanguage":"en-CA","@id":"https:\/\/matelaspersonnel.com\/our-products\/matelas-simple\/#primaryimage","url":"https:\/\/matelaspersonnel.com\/wp-content\/uploads\/2025\/12\/Chiro-confort-.jpg","contentUrl":"https:\/\/matelaspersonnel.com\/wp-content\/uploads\/2025\/12\/Chiro-confort-.jpg"},{"@type":"BreadcrumbList","@id":"https:\/\/matelaspersonnel.com\/our-products\/matelas-simple\/#breadcrumb","itemListElement":[{"@type":"ListItem","position":1,"name":"Accueil","item":"https:\/\/matelaspersonnel.com\/"},{"@type":"ListItem","position":2,"name":"Our Products","item":"https:\/\/matelaspersonnel.com\/our-products\/"},{"@type":"ListItem","position":3,"name":"Matelas simple"}]},{"@type":"WebSite","@id":"https:\/\/matelaspersonnel.com\/#website","url":"https:\/\/matelaspersonnel.com\/","name":"Matelas Personnel","description":"","publisher":{"@id":"https:\/\/matelaspersonnel.com\/#organization"},"potentialAction":[{"@type":"SearchAction","target":{"@type":"EntryPoint","urlTemplate":"https:\/\/matelaspersonnel.com\/?s={search_term_string}"},"query-input":{"@type":"PropertyValueSpecification","valueRequired":true,"valueName":"search_term_string"}}],"inLanguage":"en-CA"},{"@type":"Organization","@id":"https:\/\/matelaspersonnel.com\/#organization","name":"Matelas Personnel","url":"https:\/\/matelaspersonnel.com\/","logo":{"@type":"ImageObject","inLanguage":"en-CA","@id":"https:\/\/matelaspersonnel.com\/#\/schema\/logo\/image\/","url":"https:\/\/matelaspersonnel.com\/wp-content\/uploads\/2025\/11\/Matelas-Personnel-Logo--e1764421185273.webp","contentUrl":"https:\/\/matelaspersonnel.com\/wp-content\/uploads\/2025\/11\/Matelas-Personnel-Logo--e1764421185273.webp","width":1229,"height":363,"caption":"Matelas Personnel"},"image":{"@id":"https:\/\/matelaspersonnel.com\/#\/schema\/logo\/image\/"}}]}},"_links":{"self":[{"href":"https:\/\/matelaspersonnel.com\/en\/wp-json\/wp\/v2\/pages\/741","targetHints":{"allow":["GET"]}}],"collection":[{"href":"https:\/\/matelaspersonnel.com\/en\/wp-json\/wp\/v2\/pages"}],"about":[{"href":"https:\/\/matelaspersonnel.com\/en\/wp-json\/wp\/v2\/types\/page"}],"author":[{"embeddable":true,"href":"https:\/\/matelaspersonnel.com\/en\/wp-json\/wp\/v2\/users\/2"}],"replies":[{"embeddable":true,"href":"https:\/\/matelaspersonnel.com\/en\/wp-json\/wp\/v2\/comments?post=741"}],"version-history":[{"count":7,"href":"https:\/\/matelaspersonnel.com\/en\/wp-json\/wp\/v2\/pages\/741\/revisions"}],"predecessor-version":[{"id":748,"href":"https:\/\/matelaspersonnel.com\/en\/wp-json\/wp\/v2\/pages\/741\/revisions\/748"}],"up":[{"embeddable":true,"href":"https:\/\/matelaspersonnel.com\/en\/wp-json\/wp\/v2\/pages\/331"}],"wp:attachment":[{"href":"https:\/\/matelaspersonnel.com\/en\/wp-json\/wp\/v2\/media?parent=741"}],"curies":[{"name":"wp","href":"https:\/\/api.w.org\/{rel}","templated":true}]}}